{"id":798,"date":"2023-12-01T12:25:00","date_gmt":"2023-12-01T11:25:00","guid":{"rendered":"https:\/\/annelaurelebas-reflexologue.fr\/?page_id=798"},"modified":"2025-12-15T11:08:05","modified_gmt":"2025-12-15T10:08:05","slug":"reflexologie-temoignage","status":"publish","type":"page","link":"https:\/\/annelaurelebas-reflexologue.fr\/index.php\/reflexologie-temoignage\/","title":{"rendered":"T\u00e9moignages"},"content":{"rendered":"\n<h2 class=\"wp-block-heading\">Plus de 90 avis avec 5 \u00e9toiles sur Google.<\/h2>\n\n\n\n<figure class=\"is-layout-flow wp-block-column-is-layout-flow is-layout-flex wp-container-core-columns-is-layout-9d6595d7 wp-block-columns-is-layout-flex\"><img decoding=\"async\" src=\"https:\/\/annelaurelebas-reflexologue.fr\/wp-content\/uploads\/2023\/12\/Capture-decran-2023-11-23-a-17.45.01.png\" alt=\"\" \/><\/figure>\n\n<figure><img decoding=\"async\" src=\"https:\/\/annelaurelebas-reflexologue.fr\/wp-content\/uploads\/2023\/12\/Capture-decran-2023-11-23-a-17.46.48.png\" alt=\"\" \/><\/figure>\n\n<figure><img decoding=\"async\" src=\"https:\/\/annelaurelebas-reflexologue.fr\/wp-content\/uploads\/2023\/12\/Capture-decran-2023-11-23-a-17.49.02.png\" alt=\"\" \/><\/figure>\n\n\n\n<figure class=\"is-layout-flow wp-block-column-is-layout-flow\"><img decoding=\"async\" src=\"https:\/\/annelaurelebas-reflexologue.fr\/wp-content\/uploads\/2023\/12\/Capture-decran-2023-11-23-a-17.46.07.png\" alt=\"\" \/><\/figure>\n\n<figure><img decoding=\"async\" src=\"https:\/\/annelaurelebas-reflexologue.fr\/wp-content\/uploads\/2023\/12\/Capture-decran-2023-11-23-a-17.47.51.png\" alt=\"\" \/><\/figure>\n\n<figure><img decoding=\"async\" src=\"https:\/\/annelaurelebas-reflexologue.fr\/wp-content\/uploads\/2023\/12\/Capture-decran-2023-11-24-a-10.39.27.png\" alt=\"\" \/><\/figure>\n\n\n\n\n\n<figure class=\"is-layout-flow wp-block-column-is-layout-flow is-layout-flex wp-container-core-columns-is-layout-9d6595d7 wp-block-columns-is-layout-flex\"><img decoding=\"async\" src=\"https:\/\/annelaurelebas-reflexologue.fr\/wp-content\/uploads\/2023\/12\/Capture-decran-2023-11-24-a-10.42.05.png\" alt=\"\" \/><\/figure>\n\n\n\n<figure class=\"is-layout-flow wp-block-column-is-layout-flow\"><img decoding=\"async\" src=\"https:\/\/annelaurelebas-reflexologue.fr\/wp-content\/uploads\/2023\/12\/Capture-decran-2023-11-23-a-17.50.19.png\" alt=\"\" \/><\/figure>\n\n\n\n\n\n<figure class=\"is-layout-flow wp-block-column-is-layout-flow is-layout-flex wp-container-core-columns-is-layout-9d6595d7 wp-block-columns-is-layout-flex\"><img decoding=\"async\" src=\"https:\/\/annelaurelebas-reflexologue.fr\/wp-content\/uploads\/2023\/12\/Capture-decran-2023-11-24-a-10.41.36.png\" alt=\"\" \/><\/figure>\n\n\n\n<figure class=\"is-layout-flow wp-block-column-is-layout-flow\"><img decoding=\"async\" src=\"https:\/\/annelaurelebas-reflexologue.fr\/wp-content\/uploads\/2023\/12\/Capture-decran-2023-11-24-a-10.38.45.png\" alt=\"\" \/><\/figure>\n\n\n\n\n\u00a0\n\n\u00a0\n\n\n\n\n<figure class=\"is-layout-flow wp-block-column-is-layout-flow is-layout-flex wp-container-core-columns-is-layout-9d6595d7 wp-block-columns-is-layout-flex\"><img decoding=\"async\" src=\"https:\/\/annelaurelebas-reflexologue.fr\/wp-content\/uploads\/2023\/12\/Capture-decran-2023-11-24-a-10.37.55.png\" alt=\"\" \/><\/figure>\n\n\n\n<figure class=\"is-layout-flow wp-block-column-is-layout-flow\"><img decoding=\"async\" src=\"https:\/\/annelaurelebas-reflexologue.fr\/wp-content\/uploads\/2023\/12\/Capture-decran-2023-11-24-a-10.40.18.png\" alt=\"\" \/><\/figure>\n\n\n\n\n\u00a0\n\n\u00a0\n\n\n<p><em>Conform\u00e9ment \u00e0 l\u2019article L.111-7-2 du Code de la consommation et l\u2019article D. 111-7 du m\u00eame code, Lebas Pasquet Anne-Laure EI est responsable de la collecte et de la diffusion des avis de consommateurs publi\u00e9s sur le site internet annelaurelebas-reflexologue.fr <\/em>.<\/p>\n\n<p><em>Les avis ont tous fait l\u2019objet d\u2019une relecture et d\u2019un contr\u00f4le avant d\u2019\u00eatre mis en ligne. Le contr\u00f4le porte notamment sur les caract\u00e8res, les mots et les phrases utilis\u00e9s afin de s\u2019assurer qu\u2019ils ne comportent pas de caract\u00e8re injurieux, d\u00e9nigrant, raciste et d\u2019une mani\u00e8re g\u00e9n\u00e9rale, portant atteinte aux bonnes m\u0153urs. Ils respectent \u00e9galement les conditions g\u00e9n\u00e9rales d\u2019utilisation du site sur lequel ils sont publi\u00e9s.<\/em><\/p>\n\n<p><em>Les avis peuvent faire l\u2019objet d\u2019un refus de publication s\u2019ils ne respectent pas, notamment, les crit\u00e8res \u00e9nonc\u00e9s ci-dessus. Les motifs de refus seront adress\u00e9s \u00e0 l\u2019auteur de l\u2019avi<\/em>s par courriel.<\/p>\n\n<p><em>Les avis portent tous une date de publication et \u00e9ventuellement une date de modification. Les avis publi\u00e9s peuvent faire l\u2019objet d\u2019une modification en nous faisant parvenir ce formulaire de contact dans lequel il sera indiqu\u00e9 les modifications demand\u00e9es.<\/em><\/p>\n\n<p><em>Les avis portent tous sur une prestation d\u00e9livr\u00e9e. La date de cette prestation ainsi que sa nature est indiqu\u00e9e sur chaque avis<\/em>.<\/p>\n\n<p><em>Le consommateur ou l\u2019utilisateur auteur de l\u2019avis ne pourra pas \u00eatre contact\u00e9.<\/em><\/p>\n\n<p><em>Les avis sont publi\u00e9s par ordre chronologique de date.<\/em><\/p>\n\n<p><em>Les avis sont publi\u00e9s sans contrepartie en \u00e9change de leur publication<\/em><\/p>\n\n<p><em>Les avis sont publi\u00e9s et conserv\u00e9s jusqu&rsquo;\u00e0 la demande de retrait de la personne.<\/em><\/p>\n\n<p><em>R\u00e9f\u00e9rences bibliographiques :<\/em><\/p>\n\n<p><em>\u2022 Article L. 111-7-2 du Code de la consommation<\/em><\/p>\n\n<p><em>\u2022 Article D. 111-7 du Code de la consommation<\/em><\/p>\n\n<p>\u00a0<\/p>\n","protected":false},"excerpt":{"rendered":"<p>Plus de 90 avis avec 5 \u00e9toiles sur Google. \u00a0 \u00a0 \u00a0 \u00a0 Conform\u00e9ment \u00e0 l\u2019article L.111-7-2 du Code de la consommation et l\u2019article D. 111-7 du m\u00eame code, Lebas &hellip; <\/p>\n","protected":false},"author":2,"featured_media":0,"parent":0,"menu_order":0,"comment_status":"closed","ping_status":"closed","template":"","meta":{"footnotes":""},"class_list":["post-798","page","type-page","status-publish","hentry"],"_links":{"self":[{"href":"https:\/\/annelaurelebas-reflexologue.fr\/index.php\/wp-json\/wp\/v2\/pages\/798","targetHints":{"allow":["GET"]}}],"collection":[{"href":"https:\/\/annelaurelebas-reflexologue.fr\/index.php\/wp-json\/wp\/v2\/pages"}],"about":[{"href":"https:\/\/annelaurelebas-reflexologue.fr\/index.php\/wp-json\/wp\/v2\/types\/page"}],"author":[{"embeddable":true,"href":"https:\/\/annelaurelebas-reflexologue.fr\/index.php\/wp-json\/wp\/v2\/users\/2"}],"replies":[{"embeddable":true,"href":"https:\/\/annelaurelebas-reflexologue.fr\/index.php\/wp-json\/wp\/v2\/comments?post=798"}],"version-history":[{"count":7,"href":"https:\/\/annelaurelebas-reflexologue.fr\/index.php\/wp-json\/wp\/v2\/pages\/798\/revisions"}],"predecessor-version":[{"id":950,"href":"https:\/\/annelaurelebas-reflexologue.fr\/index.php\/wp-json\/wp\/v2\/pages\/798\/revisions\/950"}],"wp:attachment":[{"href":"https:\/\/annelaurelebas-reflexologue.fr\/index.php\/wp-json\/wp\/v2\/media?parent=798"}],"curies":[{"name":"wp","href":"https:\/\/api.w.org\/{rel}","templated":true}]}}