{"id":77,"date":"2021-03-14T23:25:49","date_gmt":"2021-03-14T22:25:49","guid":{"rendered":"http:\/\/annelaurelebas-reflexologue.fr\/?page_id=77"},"modified":"2023-02-20T11:57:30","modified_gmt":"2023-02-20T10:57:30","slug":"reflexologie-faciale-deroulement-tarifs","status":"publish","type":"page","link":"https:\/\/annelaurelebas-reflexologue.fr\/index.php\/reflexologie-faciale-deroulement-tarifs\/","title":{"rendered":"R\u00e9flexologie faciale"},"content":{"rendered":"\n<h2 class=\"wp-block-heading\" id=\"deroulement-d-une-seance-de-reflexologie-faciale\">D\u00e9roulement d&rsquo;une s\u00e9ance de r\u00e9flexologie faciale<\/h2>\n\n\n\n<div class=\"wp-block-media-text alignwide is-stacked-on-mobile is-vertically-aligned-center\" style=\"grid-template-columns:56% auto\"><figure class=\"wp-block-media-text__media\"><img loading=\"lazy\" decoding=\"async\" width=\"1024\" height=\"576\" src=\"https:\/\/annelaurelebas-reflexologue.fr\/wp-content\/uploads\/2021\/11\/reflexo-faciale-1024x576.png\" alt=\"r\u00e9flexologie faciale\" class=\"wp-image-290 size-full\" srcset=\"https:\/\/annelaurelebas-reflexologue.fr\/wp-content\/uploads\/2021\/11\/reflexo-faciale-1024x576.png 1024w, https:\/\/annelaurelebas-reflexologue.fr\/wp-content\/uploads\/2021\/11\/reflexo-faciale-300x169.png 300w, https:\/\/annelaurelebas-reflexologue.fr\/wp-content\/uploads\/2021\/11\/reflexo-faciale-768x432.png 768w, https:\/\/annelaurelebas-reflexologue.fr\/wp-content\/uploads\/2021\/11\/reflexo-faciale-1536x864.png 1536w, https:\/\/annelaurelebas-reflexologue.fr\/wp-content\/uploads\/2021\/11\/reflexo-faciale-107x60.png 107w, https:\/\/annelaurelebas-reflexologue.fr\/wp-content\/uploads\/2021\/11\/reflexo-faciale.png 1920w\" sizes=\"auto, (max-width: 1024px) 100vw, 1024px\" \/><\/figure><div class=\"wp-block-media-text__content\">\n<p class=\"has-normal-font-size\">La s\u00e9ance de r\u00e9flexologie faciale dure 60 minutes. Elle d\u00e9bute par un \u00e9change verbal qui me permet de conna\u00eetre le motif de votre venu et vos ant\u00e9c\u00e9dents m\u00e9dicaux. Cet \u00e9change me permet de cr\u00e9er un soin adapt\u00e9 \u00e0 vous. Puis je d\u00e9bute le soin par un massage des \u00e9paules et enfin la mise en place du protocole de r\u00e9flexologie faciale. <\/p>\n\n\n\n<p class=\"has-normal-font-size\"><\/p>\n<\/div><\/div>\n\n\n\n<p> Elle peut \u00eatre pratiqu\u00e9e sur tout le monde. Lors de certaines pathologies (hypotension \/ hypertension ou hypothyro\u00efdie \/ hyperthyro\u00efdie) des points sont \u00e0 exclure. C\u2019est \u00e9galement le cas pour les femmes enceintes. <\/p>\n\n\n\n<div style=\"height:50px\" aria-hidden=\"true\" class=\"wp-block-spacer\"><\/div>\n\n\n\n<h2 class=\"wp-block-heading\">Tarifs et forfaits<\/h2>\n\n\n\n<div style=\"height:17px\" aria-hidden=\"true\" class=\"wp-block-spacer\"><\/div>\n\n\n\n<div class=\"wp-block-buttons is-content-justification-center is-layout-flex wp-container-core-buttons-is-layout-16018d1d wp-block-buttons-is-layout-flex\">\n<div class=\"wp-block-button\"><a class=\"wp-block-button__link has-black-color has-text-color has-background wp-element-button\" href=\"https:\/\/annelaurelebas-reflexologue.fr\/index.php\/contact\/\" style=\"background-color:#ffe4db\">S\u00e9ance \u00e0 l&rsquo;unit\u00e9 (60 minutes) 55\u20ac<\/a><\/div>\n<\/div>\n\n\n\n<div style=\"height:48px\" aria-hidden=\"true\" class=\"wp-block-spacer\"><\/div>\n\n\n\n<div class=\"wp-block-columns alignwide is-layout-flex wp-container-core-columns-is-layout-9d6595d7 wp-block-columns-is-layout-flex\">\n<div class=\"wp-block-column has-text-color has-background has-link-color wp-elements-cdcf95bf2b44c4f6c2f41d3a612a8c60 is-layout-flow wp-block-column-is-layout-flow\" style=\"color:#000000;background-color:#017679;padding-top:2em;padding-right:2em;padding-bottom:2em;padding-left:2em\">\n<h2 class=\"wp-block-heading\" id=\"single\" style=\"font-size:40px\">Forfait <\/h2>\n\n\n\n<h2 class=\"wp-block-heading\" id=\"single\" style=\"font-size:40px\">Arr\u00eat du Tabac <\/h2>\n\n\n\n<div style=\"height:13px\" aria-hidden=\"true\" class=\"wp-block-spacer\"><\/div>\n\n\n\n<hr class=\"wp-block-separator has-text-color has-css-opacity has-background is-style-wide\" style=\"background-color:#000000;color:#000000\"\/>\n\n\n\n<ul class=\"wp-block-list\">\n<li>5 s\u00e9ances de 45 minutes.<\/li>\n\n\n\n<li>Sur 5 jours cons\u00e9cutifs<\/li>\n<\/ul>\n\n\n\n<div style=\"height:252px\" aria-hidden=\"true\" class=\"wp-block-spacer\"><\/div>\n\n\n\n<div class=\"wp-block-buttons alignfull is-horizontal is-content-justification-center is-layout-flex wp-container-core-buttons-is-layout-499968f5 wp-block-buttons-is-layout-flex\">\n<div class=\"wp-block-button has-custom-width wp-block-button__width-100\"><a class=\"wp-block-button__link has-white-color has-text-color has-background no-border-radius wp-element-button\" href=\"https:\/\/annelaurelebas-reflexologue.fr\/index.php\/contact\/\" style=\"background-color:#000000\">200\u20ac<\/a><\/div>\n<\/div>\n<\/div>\n\n\n\n<div class=\"wp-block-column has-text-color has-background has-link-color wp-elements-47ae7bc3198533dee6f07ca042973c4b is-layout-flow wp-block-column-is-layout-flow\" style=\"color:#000000;background-color:#e3997e;padding-top:2em;padding-right:2em;padding-bottom:2em;padding-left:2em\">\n<h2 class=\"wp-block-heading\" id=\"family\" style=\"font-size:40px\">Forfait Perte de poids<\/h2>\n\n\n\n<p class=\"has-normal-font-size\" style=\"line-height:1.5\">Pertes de poids ou troubles du poids<\/p>\n\n\n\n<hr class=\"wp-block-separator has-css-opacity is-style-wide\"\/>\n\n\n\n<ul class=\"wp-block-list\">\n<li>1 s\u00e9ances de 60 minutes.<\/li>\n\n\n\n<li>4 s\u00e9ance de 45 minutes.<\/li>\n\n\n\n<li>1 s\u00e9ances par semaine.<\/li>\n\n\n\n<li>Pour vous accompagner dans votre d\u00e9sir de perte de poids ou de la r\u00e9gulation de votre poids.<\/li>\n<\/ul>\n\n\n\n<div style=\"height:9px\" aria-hidden=\"true\" class=\"wp-block-spacer\"><\/div>\n\n\n\n<div class=\"wp-block-buttons alignfull is-horizontal is-content-justification-center is-layout-flex wp-container-core-buttons-is-layout-499968f5 wp-block-buttons-is-layout-flex\">\n<div class=\"wp-block-button has-custom-width wp-block-button__width-100 is-style-fill\"><a class=\"wp-block-button__link has-white-color has-text-color has-background no-border-radius wp-element-button\" href=\"https:\/\/annelaurelebas-reflexologue.fr\/index.php\/contact\/\" style=\"background-color:#000000\">230\u20ac<\/a><\/div>\n<\/div>\n<\/div>\n\n\n\n<div class=\"wp-block-column has-text-color has-background has-link-color wp-elements-a7425048e7f83d2eae893d0167244156 is-layout-flow wp-block-column-is-layout-flow\" style=\"color:#000000;background-color:#88c7bc;padding-top:2em;padding-right:2em;padding-bottom:2em;padding-left:2em\">\n<h2 class=\"wp-block-heading\" id=\"patron\" style=\"font-size:40px\">Forfait Allergie <\/h2>\n\n\n\n<p class=\"has-normal-font-size\"><strong>Alimentaire ou respiratoire<\/strong><\/p>\n\n\n\n<div style=\"height:23px\" aria-hidden=\"true\" class=\"wp-block-spacer\"><\/div>\n\n\n\n<hr class=\"wp-block-separator has-css-opacity is-style-wide\"\/>\n\n\n\n<ul class=\"wp-block-list\">\n<li>5 s\u00e9ances de 45 minutes.<\/li>\n\n\n\n<li>sur 5 jours cons\u00e9cutifs.<\/li>\n<\/ul>\n\n\n\n<div style=\"height:253px\" aria-hidden=\"true\" class=\"wp-block-spacer\"><\/div>\n\n\n\n<div class=\"wp-block-buttons alignfull is-horizontal is-content-justification-center is-layout-flex wp-container-core-buttons-is-layout-499968f5 wp-block-buttons-is-layout-flex\">\n<div class=\"wp-block-button has-custom-width wp-block-button__width-100\"><a class=\"wp-block-button__link has-white-color has-text-color has-background no-border-radius wp-element-button\" href=\"https:\/\/annelaurelebas-reflexologue.fr\/index.php\/contact\/\" style=\"background-color:#000000\">200\u20ac<\/a><\/div>\n<\/div>\n<\/div>\n<\/div>\n\n\n\n<div style=\"height:100px\" aria-hidden=\"true\" class=\"wp-block-spacer\"><\/div>\n\n\n<div class=\"wp-block-image\">\n<figure class=\"aligncenter size-large\"><img loading=\"lazy\" decoding=\"async\" width=\"1024\" height=\"576\" src=\"https:\/\/annelaurelebas-reflexologue.fr\/wp-content\/uploads\/2021\/11\/reflexo-faciale-2-1024x576.png\" alt=\"\" class=\"wp-image-294\" srcset=\"https:\/\/annelaurelebas-reflexologue.fr\/wp-content\/uploads\/2021\/11\/reflexo-faciale-2-1024x576.png 1024w, https:\/\/annelaurelebas-reflexologue.fr\/wp-content\/uploads\/2021\/11\/reflexo-faciale-2-300x169.png 300w, https:\/\/annelaurelebas-reflexologue.fr\/wp-content\/uploads\/2021\/11\/reflexo-faciale-2-768x432.png 768w, https:\/\/annelaurelebas-reflexologue.fr\/wp-content\/uploads\/2021\/11\/reflexo-faciale-2-1536x864.png 1536w, https:\/\/annelaurelebas-reflexologue.fr\/wp-content\/uploads\/2021\/11\/reflexo-faciale-2-107x60.png 107w, https:\/\/annelaurelebas-reflexologue.fr\/wp-content\/uploads\/2021\/11\/reflexo-faciale-2.png 1920w\" sizes=\"auto, (max-width: 1024px) 100vw, 1024px\" \/><\/figure>\n<\/div>\n\n\n<div style=\"height:31px\" aria-hidden=\"true\" class=\"wp-block-spacer\"><\/div>\n\n\n\n<h2 class=\"wp-block-heading\" id=\"temoignage\">T\u00e9moignage<\/h2>\n\n\n\n\n\n<h2 class=\"wp-block-heading\"><\/h2>\n\n\n\n<div style=\"height:34px\" aria-hidden=\"true\" class=\"wp-block-spacer\"><\/div>\n\n\n\n<div class=\"wp-block-buttons is-content-justification-center is-layout-flex wp-container-core-buttons-is-layout-16018d1d wp-block-buttons-is-layout-flex\">\n<div class=\"wp-block-button\"><a class=\"wp-block-button__link has-black-color has-text-color has-background wp-element-button\" style=\"background-color:#88c7bc\">PRENDRE RENDEZ-VOUS<\/a><\/div>\n<\/div>\n\n\n\n<div style=\"height:72px\" aria-hidden=\"true\" class=\"wp-block-spacer\"><\/div>\n\n\n\n\n\n<h2 class=\"wp-block-heading\">Historique<\/h2>\n\n\n\n<p>Le professeur BuiQu\u00f4cCh\u00e2u est \u00e0 l\u2019initiative du \u00ab&nbsp;Dien\u2019 Chan\u2019&nbsp;\u00bb depuis 1980, alors qu\u2019il travaillait dans un centre de prise en charge des addictions. Initialement cette technique se pratiquait avec des aiguilles d\u2019acuponcture.<\/p>\n\n\n\n<p>Nhaun Le Quang &nbsp;diffusera cette technique en Europe \u00e0 partir de 1986, en s\u2019inspirant des travaux du professeur BuiQu\u00f4cCh\u00e2u. Il simplifie la technique en cr\u00e9ant une cartographie du visage avec 57 points contre les 500 points d\u00e9couverts par le professeur BuiQu\u00f4cCh\u00e2u et l\u2019utilisation d\u2019outils (rempla\u00e7ant les aiguilles d\u2019acuponctures).<\/p>\n\n\n\n<p>La r\u00e9flexologie faciale s\u2019appuie sur des connaissances en m\u00e9decine occidentale et en m\u00e9decine traditionnel chinoise. Certains points sont communs aux regards des m\u00e9ridiens.<\/p>\n\n\n\n<p>C\u2019est une technique r\u00e9flexe au m\u00eame titre que la r\u00e9flexologie plantaire, elle agit \u00e0 distance sur les organes. Elle permet de lever les blocages \u00e9nerg\u00e9tiques et permet de r\u00e9tablir l\u2019\u00e9quilibre du syst\u00e8me neuro-v\u00e9g\u00e9tatif.<\/p>\n","protected":false},"excerpt":{"rendered":"<p>D\u00e9roulement d&rsquo;une s\u00e9ance de r\u00e9flexologie faciale La s\u00e9ance de r\u00e9flexologie faciale dure 60 minutes. Elle d\u00e9bute par un \u00e9change verbal qui me permet de conna\u00eetre le motif de votre venu &hellip; <\/p>\n","protected":false},"author":2,"featured_media":0,"parent":0,"menu_order":2,"comment_status":"closed","ping_status":"closed","template":"","meta":{"footnotes":""},"class_list":["post-77","page","type-page","status-publish","hentry"],"_links":{"self":[{"href":"https:\/\/annelaurelebas-reflexologue.fr\/index.php\/wp-json\/wp\/v2\/pages\/77","targetHints":{"allow":["GET"]}}],"collection":[{"href":"https:\/\/annelaurelebas-reflexologue.fr\/index.php\/wp-json\/wp\/v2\/pages"}],"about":[{"href":"https:\/\/annelaurelebas-reflexologue.fr\/index.php\/wp-json\/wp\/v2\/types\/page"}],"author":[{"embeddable":true,"href":"https:\/\/annelaurelebas-reflexologue.fr\/index.php\/wp-json\/wp\/v2\/users\/2"}],"replies":[{"embeddable":true,"href":"https:\/\/annelaurelebas-reflexologue.fr\/index.php\/wp-json\/wp\/v2\/comments?post=77"}],"version-history":[{"count":17,"href":"https:\/\/annelaurelebas-reflexologue.fr\/index.php\/wp-json\/wp\/v2\/pages\/77\/revisions"}],"predecessor-version":[{"id":680,"href":"https:\/\/annelaurelebas-reflexologue.fr\/index.php\/wp-json\/wp\/v2\/pages\/77\/revisions\/680"}],"wp:attachment":[{"href":"https:\/\/annelaurelebas-reflexologue.fr\/index.php\/wp-json\/wp\/v2\/media?parent=77"}],"curies":[{"name":"wp","href":"https:\/\/api.w.org\/{rel}","templated":true}]}}